{"id":32826,"date":"2024-10-16T14:01:45","date_gmt":"2024-10-16T12:01:45","guid":{"rendered":"http:\/\/pruebas.turismomaestrazgo.org\/evento\/tours-et-palais-du-maestrazgo-recherche-conservation-et-diffusion-du-patrimoine-architectural\/"},"modified":"2024-11-04T11:46:09","modified_gmt":"2024-11-04T10:46:09","slug":"tours-et-palais-du-maestrazgo-recherche-conservation-et-diffusion-du-patrimoine-architectural","status":"publish","type":"tribe_events","link":"https:\/\/pruebas.turismomaestrazgo.org\/fr\/evento\/tours-et-palais-du-maestrazgo-recherche-conservation-et-diffusion-du-patrimoine-architectural\/","title":{"rendered":"Tours et palais du Maestrazgo. Recherche, conservation et diffusion du patrimoine architectural"},"content":{"rendered":"<div  class=\"tribe-events-schedule tribe-clearfix\" >\n\t<p class=\"tribe-events-schedule__datetime\">\n\t\t<span class=\"tribe-events-schedule__date tribe-events-schedule__date--start\">\n\t\t\t26 octobre 2024\t\t<\/span>\n\n\t\t\t\t\t<span class=\"tribe-events-schedule__separator tribe-events-schedule__separator--date\">\n\t\t\t\t | \t\t\t<\/span>\n\t\t\t<span class=\"tribe-events-schedule__time tribe-events-schedule__time--start\">\n\t\t\t\t10h30\t\t\t<\/span>\n\t\t\n\t\t\t\t\t\t\t\t\t<span class=\"tribe-events-schedule__separator tribe-events-schedule__separator--time\">\n\t\t\t\t\t &#8211; \t\t\t\t<\/span>\n\t\t\t\n\t\t\t\t\t\t\t<span class=\"tribe-events-schedule__time tribe-events-schedule__time--end\">\n\t\t\t\t\t20h00\t\t\t\t<\/span>\n\t\t\t\n\t\t\t\t\t\t<\/p>\n<\/div>\n\n<div class=\"wp-block-group is-layout-constrained wp-block-group-is-layout-constrained\">\n<p><strong>Localisation : <\/strong>La Iglesuela del Cid et Mirambel<\/p>\n\n\n\n<p>Nous vous pr\u00e9sentons une nouvelle s\u00e9rie de conf\u00e9rences qui se tiendront \u00e0 la Casa Aliaga (La Iglesuela del Cid) et au Couvent de Mirambel. Elles porteront sur la recherche, la conservation et la diffusion du patrimoine architectural de la r\u00e9gion. <\/p>\n\n\n\n<p>Le directeur g\u00e9n\u00e9ral du patrimoine culturel du gouvernement d&#8217;Aragon et d&#8217;autres personnes telles que Pedro Luis Hernando Sebasti\u00e1n et Beatriz Mart\u00edn Dom\u00ednguez se joindront \u00e0 nous.<\/p>\n\n\n\n<p>Venez le 26 octobre pour passer la journ\u00e9e avec ces experts et \u00e9changer des id\u00e9es.<\/p>\n\n\n\n<p><\/p>\n\n\n\n<p><\/p>\n\n\n\n<figure class=\"wp-block-image size-large\"><img fetchpriority=\"high\" decoding=\"async\" width=\"724\" height=\"1024\" src=\"http:\/\/pruebas.turismomaestrazgo.org\/wp-content\/uploads\/2024\/10\/La-Comarca-del-Maestrazgo-difunde-el-patrimonio-de-las-torres-y-palacios-724x1024.jpg\" alt=\"\" class=\"wp-image-31126\" srcset=\"https:\/\/pruebas.turismomaestrazgo.org\/wp-content\/uploads\/2024\/10\/La-Comarca-del-Maestrazgo-difunde-el-patrimonio-de-las-torres-y-palacios-724x1024.jpg 724w, https:\/\/pruebas.turismomaestrazgo.org\/wp-content\/uploads\/2024\/10\/La-Comarca-del-Maestrazgo-difunde-el-patrimonio-de-las-torres-y-palacios-212x300.jpg 212w, https:\/\/pruebas.turismomaestrazgo.org\/wp-content\/uploads\/2024\/10\/La-Comarca-del-Maestrazgo-difunde-el-patrimonio-de-las-torres-y-palacios-768x1086.jpg 768w, https:\/\/pruebas.turismomaestrazgo.org\/wp-content\/uploads\/2024\/10\/La-Comarca-del-Maestrazgo-difunde-el-patrimonio-de-las-torres-y-palacios-1086x1536.jpg 1086w, https:\/\/pruebas.turismomaestrazgo.org\/wp-content\/uploads\/2024\/10\/La-Comarca-del-Maestrazgo-difunde-el-patrimonio-de-las-torres-y-palacios.jpg 1131w\" sizes=\"(max-width: 724px) 100vw, 724px\" \/><\/figure>\n\n\n<div  class=\"tribe-block tribe-block__event-website\" >\n\t<a\n\t\thref=\"https:\/\/www.google.com\/maps\/place\/44142+La+Iglesuela+del+Cid,+Teruel\/@40.481783,-0.3239837,16z\/data=!4m6!3m5!1s0xd5fa2c7fd78643d:0xbac8cc21771debb0!8m2!3d40.4823794!4d-0.3189668!16sm02z9r04?authuser=0&#038;entry=ttu&#038;g_ep=EgoyMDI0MTAxMy4wIKXMDSoASAFQAw\"\n\t\ttarget=\"_self\"\n\t\t\t>\n\t\tC\u00f3mo llegar a La Iglesuela del Cid\t<\/a>\n<\/div>\n\n\n<div  class=\"tribe-block tribe-block__event-website\" >\n\t<a\n\t\thref=\"https:\/\/www.google.com\/maps\/place\/44142+La+Iglesuela+del+Cid,+Teruel\/@40.481783,-0.3239837,16z\/data=!4m6!3m5!1s0xd5fa2c7fd78643d:0xbac8cc21771debb0!8m2!3d40.4823794!4d-0.3189668!16sm02z9r04?authuser=0&#038;entry=ttu&#038;g_ep=EgoyMDI0MTAxMy4wIKXMDSoASAFQAw\"\n\t\ttarget=\"_self\"\n\t\t\t>\n\t\tC\u00f3mo llegar a Mirambel\t<\/a>\n<\/div>\n<\/div>\n\t<div  class=\"tribe-block tribe-block__events-link\" >\n\t\t<div class=\"tribe-events tribe-common\">\n\t\t\t<div class=\"tribe-events-c-subscribe-dropdown__container\">\n\t\t\t\t<div class=\"tribe-events-c-subscribe-dropdown\">\n\t\t\t\t\t<div class=\"tribe-common-c-btn-border tribe-events-c-subscribe-dropdown__button\">\n\t\t\t\t\t\t<svg\n\t class=\"tribe-common-c-svgicon tribe-common-c-svgicon--cal-export tribe-events-c-subscribe-dropdown__export-icon\" \taria-hidden=\"true\"\n\tviewBox=\"0 0 23 17\"\n\txmlns=\"http:\/\/www.w3.org\/2000\/svg\"\n>\n\t<path fill-rule=\"evenodd\" clip-rule=\"evenodd\" d=\"M.128.896V16.13c0 .211.145.383.323.383h15.354c.179 0 .323-.172.323-.383V.896c0-.212-.144-.383-.323-.383H.451C.273.513.128.684.128.896Zm16 6.742h-.901V4.679H1.009v10.729h14.218v-3.336h.901V7.638ZM1.01 1.614h14.218v2.058H1.009V1.614Z\" \/>\n\t<path d=\"M20.5 9.846H8.312M18.524 6.953l2.89 2.909-2.855 2.855\" stroke-width=\"1.2\" stroke-linecap=\"round\" stroke-linejoin=\"round\"\/>\n<\/svg>\n\t\t\t\t\t\t<button\n\t\t\t\t\t\t\tclass=\"tribe-events-c-subscribe-dropdown__button-text\"\n\t\t\t\t\t\t\taria-expanded=\"false\"\n\t\t\t\t\t\t\taria-controls=\"tribe-events-subscribe-dropdown-content\"\n\t\t\t\t\t\t\taria-label=\"Afficher les liens permettant d\u2019ajouter des \u00e9v\u00e8nements \u00e0 votre calendrier\"\n\t\t\t\t\t\t>\n\t\t\t\t\t\t\tAjouter au calendrier\t\t\t\t\t\t<\/button>\n\t\t\t\t\t\t<svg\n\t class=\"tribe-common-c-svgicon tribe-common-c-svgicon--caret-down tribe-events-c-subscribe-dropdown__button-icon\" \taria-hidden=\"true\"\n\tviewBox=\"0 0 10 7\"\n\txmlns=\"http:\/\/www.w3.org\/2000\/svg\"\n>\n\t<path fill-rule=\"evenodd\" clip-rule=\"evenodd\" d=\"M1.008.609L5 4.6 8.992.61l.958.958L5 6.517.05 1.566l.958-.958z\" class=\"tribe-common-c-svgicon__svg-fill\"\/>\n<\/svg>\n\t\t\t\t\t<\/div>\n\t\t\t\t\t<div id=\"tribe-events-subscribe-dropdown-content\" class=\"tribe-events-c-subscribe-dropdown__content\">\n\t\t\t\t\t\t<ul class=\"tribe-events-c-subscribe-dropdown__list\">\n\t\t\t\t\t\t\t\t\t\t\t\t\t\t\t<li class=\"tribe-events-c-subscribe-dropdown__list-item tribe-events-c-subscribe-dropdown__list-item--gcal\">\n\t\t\t\t\t\t\t\t\t<a\n\t\t\t\t\t\t\t\t\t\thref=\"https:\/\/www.google.com\/calendar\/event?action=TEMPLATE&#038;dates=20241026T103000\/20241026T200000&#038;text=Tours%20et%20palais%20du%20Maestrazgo.%20Recherche%2C%20conservation%20et%20diffusion%20du%20patrimoine%20architectural&#038;details=%3Cdiv+class%3D%22wp-block-group%22%3E%3Cp%3E%3Cstrong%3ELocalisation+%3A+%3C%2Fstrong%3ELa+Iglesuela+del+Cid+et+Mirambel%3C%2Fp%3E+%3Cp%3ENous+vous+pr%C3%A9sentons+une+nouvelle+s%C3%A9rie+de+conf%C3%A9rences+qui+se+tiendront+%C3%A0+la+Casa+Aliaga+%28La+Iglesuela+del+Cid%29+et+au+Couvent+de+Mirambel.+Elles+porteront+sur+la+recherche%2C+la+conservation+et+la+diffusion+du+patrimoine+architectural+de+la+r%C3%A9gion.+%3C%2Fp%3E+%3Cp%3ELe+directeur+g%C3%A9n%C3%A9ral+du+patrimoine+culturel+du+gouvernement+d%27Aragon+et+d%27autres+personnes+telles+que+Pedro+Luis+Hernando+Sebasti%C3%A1n+et+Beatriz+Mart%C3%ADn+Dom%C3%ADnguez+se+joindront+%C3%A0+nous.%3C%2Fp%3E+%3Cp%3EVenez+le+26+octobre+pour+passer+la+journ%C3%A9e+avec+ces+experts+et+%C3%A9changer+des+id%C3%A9es.%3C%2Fp%3E+%3Cp%3E%3C%2Fp%3E+%3Cp%3E%3C%2Fp%3E+%3Cfigure+class%3D%22wp-block-image+size-large%22%3E%3Cimg+src%3D%22http%3A%2F%2Fpruebas.turismomaestrazgo.org%2Fwp-content%2Fuploads%2F2024%2F10%2FLa-Comarca-del-Maestrazgo-difunde-el-patrimonio-de-las-torres-y-palacios-724x1024.jpg%22+alt%3D%22%22+class%3D%22wp-image-31126%22%2F%3E%3C%2Ffigure%3E%3C%2Fdiv%3E&#038;trp=false&#038;ctz=Europe\/Madrid&#038;sprop=website:https:\/\/pruebas.turismomaestrazgo.org\/fr\/\"\n\t\t\t\t\t\t\t\t\t\tclass=\"tribe-events-c-subscribe-dropdown__list-item-link\"\n\t\t\t\t\t\t\t\t\t\ttarget=\"_blank\"\n\t\t\t\t\t\t\t\t\t\trel=\"noopener noreferrer nofollow noindex\"\n\t\t\t\t\t\t\t\t\t>\n\t\t\t\t\t\t\t\t\t\tGoogle Agenda\t\t\t\t\t\t\t\t\t<\/a>\n\t\t\t\t\t\t\t\t<\/li>\n\t\t\t\t\t\t\t\t\t\t\t\t\t\t\t<li class=\"tribe-events-c-subscribe-dropdown__list-item tribe-events-c-subscribe-dropdown__list-item--ical\">\n\t\t\t\t\t\t\t\t\t<a\n\t\t\t\t\t\t\t\t\t\thref=\"\"\n\t\t\t\t\t\t\t\t\t\tclass=\"tribe-events-c-subscribe-dropdown__list-item-link\"\n\t\t\t\t\t\t\t\t\t\ttarget=\"_blank\"\n\t\t\t\t\t\t\t\t\t\trel=\"noopener noreferrer nofollow noindex\"\n\t\t\t\t\t\t\t\t\t>\n\t\t\t\t\t\t\t\t\t\tiCalendar\t\t\t\t\t\t\t\t\t<\/a>\n\t\t\t\t\t\t\t\t<\/li>\n\t\t\t\t\t\t\t\t\t\t\t\t\t\t\t<li class=\"tribe-events-c-subscribe-dropdown__list-item tribe-events-c-subscribe-dropdown__list-item--outlook-365\">\n\t\t\t\t\t\t\t\t\t<a\n\t\t\t\t\t\t\t\t\t\thref=\"\"\n\t\t\t\t\t\t\t\t\t\tclass=\"tribe-events-c-subscribe-dropdown__list-item-link\"\n\t\t\t\t\t\t\t\t\t\ttarget=\"_blank\"\n\t\t\t\t\t\t\t\t\t\trel=\"noopener noreferrer nofollow noindex\"\n\t\t\t\t\t\t\t\t\t>\n\t\t\t\t\t\t\t\t\t\tOutlook 365\t\t\t\t\t\t\t\t\t<\/a>\n\t\t\t\t\t\t\t\t<\/li>\n\t\t\t\t\t\t\t\t\t\t\t\t\t\t\t<li class=\"tribe-events-c-subscribe-dropdown__list-item tribe-events-c-subscribe-dropdown__list-item--outlook-live\">\n\t\t\t\t\t\t\t\t\t<a\n\t\t\t\t\t\t\t\t\t\thref=\"\"\n\t\t\t\t\t\t\t\t\t\tclass=\"tribe-events-c-subscribe-dropdown__list-item-link\"\n\t\t\t\t\t\t\t\t\t\ttarget=\"_blank\"\n\t\t\t\t\t\t\t\t\t\trel=\"noopener noreferrer nofollow noindex\"\n\t\t\t\t\t\t\t\t\t>\n\t\t\t\t\t\t\t\t\t\tOutlook Live\t\t\t\t\t\t\t\t\t<\/a>\n\t\t\t\t\t\t\t\t<\/li>\n\t\t\t\t\t\t\t\t\t\t\t\t\t<\/ul>\n\t\t\t\t\t<\/div>\n\t\t\t\t<\/div>\n\t\t\t<\/div>\n\t\t<\/div>\n\t<\/div>\n\n","protected":false},"excerpt":{"rendered":"<p>Localisation : La Iglesuela del Cid et Mirambel Nous vous pr\u00e9sentons une nouvelle s\u00e9rie de conf\u00e9rences qui se tiendront \u00e0 la Casa Aliaga (La Iglesuela del Cid) et au Couvent [&hellip;]<\/p>\n","protected":false},"author":3,"featured_media":31128,"template":"","meta":{"_acf_changed":false,"_EventAllDay":false,"_EventTimezone":"Europe\/Madrid","_EventStartDate":"2024-10-26 10:30:00","_EventEndDate":"2024-10-26 20:00:00","_EventStartDateUTC":"2024-10-26 08:30:00","_EventEndDateUTC":"2024-10-26 18:00:00","_EventShowMap":false,"_EventShowMapLink":false,"_EventURL":"https:\/\/www.google.com\/maps\/place\/44142+La+Iglesuela+del+Cid,+Teruel\/@40.481783,-0.3239837,16z\/data=!4m6!3m5!1s0xd5fa2c7fd78643d:0xbac8cc21771debb0!8m2!3d40.4823794!4d-0.3189668!16sm02z9r04?authuser=0&entry=ttu&g_ep=EgoyMDI0MTAxMy4wIKXMDSoASAFQAw","_EventCost":"","_EventCostDescription":"","_EventCurrencySymbol":"","_EventCurrencyCode":"","_EventCurrencyPosition":"","_EventDateTimeSeparator":"","_EventTimeRangeSeparator":"","_EventOrganizerID":[],"_EventVenueID":[],"_OrganizerEmail":"","_OrganizerPhone":"","_OrganizerWebsite":"","_VenueAddress":"","_VenueCity":"","_VenueCountry":"","_VenueProvince":"","_VenueState":"","_VenueZip":"","_VenuePhone":"","_VenueURL":"","_VenueStateProvince":"","_VenueLat":"","_VenueLng":"","_VenueShowMap":false,"_VenueShowMapLink":false,"_tribe_events_status":"","_tribe_events_status_reason":"","footnotes":""},"tags":[],"tribe_events_cat":[630],"class_list":["post-32826","tribe_events","type-tribe_events","status-publish","has-post-thumbnail","hentry","tribe_events_cat-presentation-fr","cat_presentation-fr"],"acf":[],"_links":{"self":[{"href":"https:\/\/pruebas.turismomaestrazgo.org\/fr\/wp-json\/wp\/v2\/tribe_events\/32826","targetHints":{"allow":["GET"]}}],"collection":[{"href":"https:\/\/pruebas.turismomaestrazgo.org\/fr\/wp-json\/wp\/v2\/tribe_events"}],"about":[{"href":"https:\/\/pruebas.turismomaestrazgo.org\/fr\/wp-json\/wp\/v2\/types\/tribe_events"}],"author":[{"embeddable":true,"href":"https:\/\/pruebas.turismomaestrazgo.org\/fr\/wp-json\/wp\/v2\/users\/3"}],"version-history":[{"count":0,"href":"https:\/\/pruebas.turismomaestrazgo.org\/fr\/wp-json\/wp\/v2\/tribe_events\/32826\/revisions"}],"wp:featuredmedia":[{"embeddable":true,"href":"https:\/\/pruebas.turismomaestrazgo.org\/fr\/wp-json\/wp\/v2\/media\/31128"}],"wp:attachment":[{"href":"https:\/\/pruebas.turismomaestrazgo.org\/fr\/wp-json\/wp\/v2\/media?parent=32826"}],"wp:term":[{"taxonomy":"post_tag","embeddable":true,"href":"https:\/\/pruebas.turismomaestrazgo.org\/fr\/wp-json\/wp\/v2\/tags?post=32826"},{"taxonomy":"tribe_events_cat","embeddable":true,"href":"https:\/\/pruebas.turismomaestrazgo.org\/fr\/wp-json\/wp\/v2\/tribe_events_cat?post=32826"}],"curies":[{"name":"wp","href":"https:\/\/api.w.org\/{rel}","templated":true}]}}